{"id":1174,"date":"2012-05-06T13:36:00","date_gmt":"2012-05-06T13:36:00","guid":{"rendered":"http:\/\/176.9.29.233\/~paroqui3\/?page_id=1174"},"modified":"2012-08-08T18:01:53","modified_gmt":"2012-08-08T18:01:53","slug":"noticias-das-paroquias-do-concelho-da-ponta-do-sol","status":"publish","type":"page","link":"http:\/\/www.paroquiadoscanhas.pt\/?page_id=1174","title":{"rendered":"Not\u00edcias das Par\u00f3quias do Concelho da Ponta do Sol"},"content":{"rendered":"<p style=\"text-align: center;\"><strong>Preparar o novo Ano Pastoral 2012\/2013<\/strong><\/p>\n<p style=\"text-align: justify;\">Ap\u00f3s o Conselho Pastoral ter reunido na passada semana, \u00e9 bom que haja continuidade nas equipas, mas com alguma renova\u00e7\u00e3o, para n\u00e3o serem sempre os mesmos irm\u00e3os. Alguns grupos e movimentos podem tamb\u00e9m aproveitar para fazer a elei\u00e7\u00e3o do animador ou l\u00edder, ou de algu\u00e9m que os represente no pr\u00f3ximo Conselho Pastoral. A nova constitui\u00e7\u00e3o das Equipas e Grupos dever\u00e1 ser entregue juntamente com a programa\u00e7\u00e3o do pr\u00f3ximo ano at\u00e9 14 de Setembro, de modo a podermos preparar o Programa Pastoral 2012\/2013.<\/p>\n<p align=\"center\"><strong>Crismas de Adultos<\/strong><strong><\/strong><\/p>\n<p style=\"text-align: justify;\">Os adultos que n\u00e3o sejam crismados e desejem receber este sacramento em Novembro, devem inscrever-se agora no Cart\u00f3rio. A prepara\u00e7\u00e3o come\u00e7a no dia 2 de Agosto (quinta \u2013 feira) \u00e0s 20h30.<\/p>\n<p align=\"center\"><strong>Crismas para os alunos de Catequese que terminaram o 10\u00ba ano lectivo:<\/strong><strong><\/strong><\/p>\n<p style=\"text-align: justify;\"><strong>Par\u00f3quia dos Canhas e Par\u00f3quia do Carvalhal ser\u00e1 no dia 10 de Novembro<\/strong> (s\u00e1bado) na Par\u00f3quia do Carvalhal. Prepara\u00e7\u00e3o: Par\u00f3quia dos Canhas dias 1 e 8 de Novembro \u00e0s 19h30 (quinta-feira); Par\u00f3quia do Carvalhal dias 31 de Outubro e 7 de Novembro \u00e0s 19h30 (quarta-feira).<\/p>\n<p><strong>Par\u00f3quia do Cristo Rei ser\u00e1 no dia 17 de Novembro<\/strong> (s\u00e1bado). Prepara\u00e7\u00e3o ser\u00e1 nos dias 6 e 13 de Novembro \u00e0s 19h30 (ter\u00e7a \u2013 feira).<\/p>\n<p><strong><\/strong>\u00a0<\/p>\n<p><strong><\/strong>\u00a0<\/p>\n<p><strong><\/strong>\u00a0<\/p>\n<p><strong>1 <\/strong>\u2192 <span style=\"text-decoration: underline;\">Grupo Legi\u00e3o de Maria<\/span>, ter\u00e7as-feiras \u00e0s 18h00 (Carvalhal e Canhas) e quartas-feiras \u00e0s 18h00 (Cristo Rei).<\/p>\n<p style=\"text-align: justify;\"><strong>2<\/strong> \u2192 <span style=\"text-decoration: underline;\">Grupo Jesus de Miseric\u00f3rdia<\/span>, sextas-feiras \u00e0s 18h00 (Canhas) e aos domingos \u00e0s 15h00 (Carvalhal).<\/p>\n<p style=\"text-align: justify;\"><strong>3 <\/strong>\u2192 <span style=\"text-decoration: underline;\">Movimento Carism\u00e1tico<\/span>, segundas-feiras \u00e0s 20h00 (Canhas).<strong><em> <\/em><\/strong><\/p>\n<p style=\"text-align: justify;\"><strong>3.1<\/strong> \u2192<strong><em> <span style=\"text-decoration: underline;\">Dia 29 de Maio\u00a0 \u2013 <\/span>Reuni\u00e3o com os lideres do grupo que v\u00e3o participar na realiza\u00e7\u00e3o do Tapete do Corpo de Deus (das Par\u00f3quias dos Canhas) nas instala\u00e7\u00f5es da par\u00f3quia dos Canhas &#8211; 20h.<\/em><\/strong><\/p>\n<p style=\"text-align: justify;\"><strong>4<\/strong> \u2192 <strong><em><span style=\"text-decoration: underline;\">Dia 02 de Junho\u00a0 \u2013 <\/span><\/em><\/strong><strong><em>Festa do 2\u00ba e 5\u00ba ano de Catequese na Par\u00f3quia dos Canhas; Festa do 4\u00ba ano de Catequese na Par\u00f3quia do Carvalhal e Festa do 7\u00ba ano de Catequese na Par\u00f3quia do Cristo Rei.<\/em><\/strong><\/p>\n<p><strong>5<\/strong> \u2192<strong><em> <span style=\"text-decoration: underline;\">Dia 03 de Junho\u00a0 \u2013 <\/span>FESTA DIOCESANA DAS FAM\u00cdLIAS.<\/em><\/strong><\/p>\n<p style=\"text-align: justify;\"><strong>6 <\/strong>\u2192<strong><em> <span style=\"text-decoration: underline;\">Dia 05 de Junho\u00a0 \u2013 <\/span>19h30 Reuni\u00e3o da Confraria do S. S. na Par\u00f3quia do Cristo Rei.<\/em><\/strong><\/p>\n<p style=\"text-align: justify;\"><strong>7 <\/strong>\u2192<strong><em> <span style=\"text-decoration: underline;\">Dia 06 de Junho\u00a0 \u2013 <\/span>19h30 Reuni\u00e3o da Confraria do Sant\u00edssimo Sacramento na Par\u00f3quia do Carvalhal e V\u00e9spera da Festa do Sant\u00edssimo Sacramento na Par\u00f3quia do Cristo Rei.<\/em><\/strong><\/p>\n<p style=\"text-align: justify;\"><strong>8 <\/strong>\u2192<strong><em> <span style=\"text-decoration: underline;\">Dia 07 de Junho\u00a0 \u2013 SANT\u00cdSSIMO CORPO E SANGUE DE CRISTO \u2013 <\/span>Festa do 1\u00ba ano de Catequese na Par\u00f3quia dos Canhas e Festa do Sant\u00edssimo Sacramento na Par\u00f3quia do Cristo Rei.<\/em><\/strong><\/p>\n<p style=\"text-align: justify;\"><strong>9 <\/strong>\u2192<strong><em> <span style=\"text-decoration: underline;\">Dia 10 de Junho\u00a0 \u2013 <\/span>Festa da Primeira Comunh\u00e3o das Crian\u00e7as do 3\u00ba ano de Catequese na Par\u00f3quia dos Canhas (10h30); Festa do Esp\u00edrito Santo na Par\u00f3quia do Cristo Rei (13h30) e Festa do Esp\u00edrito Santo na Par\u00f3quia do Carvalhal (15h30).<\/em><\/strong><\/p>\n<p style=\"text-align: justify;\"><strong>10 <\/strong>\u2192<strong><em> <span style=\"text-decoration: underline;\">Dia 12 de Junho\u00a0 \u2013 <\/span>19h30 Reuni\u00e3o da Confraria de N\u00aa Sra. do Monte \u00a0na Par\u00f3quia do Cristo Rei.<\/em><\/strong><\/p>\n<p style=\"text-align: justify;\"><strong>11 <\/strong>\u2192<strong><em> <span style=\"text-decoration: underline;\">Dia 13 de Junho (DIA DE SANTO ANT\u00d3NIO) \u00a0\u2013 <\/span>19h30 Reuni\u00e3o da Confraria de N\u00aa Sra. de F\u00e1tima na Par\u00f3quia do Carvalhal.<\/em><\/strong><\/p>\n<p style=\"text-align: justify;\"><strong>12 <\/strong>\u2192<strong><em> <span style=\"text-decoration: underline;\">Dia 14 de Junho\u00a0 \u2013 <\/span>19h30 Reuni\u00e3o da Confraria de N\u00aa Sra. da Piedade\u00a0 na Par\u00f3quia dos Canhas.<\/em><\/strong><\/p>\n<p style=\"text-align: justify;\"><strong>13<\/strong> \u2192 <strong><em><span style=\"text-decoration: underline;\">Dia 17 de Junho\u00a0 \u2013<\/span><\/em><\/strong><strong><em> Festa da PROFISS\u00c3O DE F\u00c9 dos\u00a0meninos do 6\u00ba ano de Catequese na Par\u00f3quia dos Canhas.<\/em><\/strong><\/p>\n<p style=\"text-align: justify;\"><strong>14<\/strong> \u2192 <strong><em><span style=\"text-decoration: underline;\">Dia 16 de Junho\u00a0 \u2013 <\/span><\/em><\/strong><strong><em>Festa do 8\u00ba ano de Catequese na Par\u00f3quia do Carvalhal e Festa da PROFISS\u00c3O DE F\u00c9 dos\u00a0meninos do 6\u00ba ano de Catequese na Par\u00f3quia do Cristo Rei.<\/em><\/strong><\/p>\n<p style=\"text-align: justify;\"><strong>15<\/strong> \u2192 De <strong>21 a 30 de Julho haver\u00e1 uma peregrina\u00e7\u00e3o a ESPANHA, FRAN\u00c7A, REINO UNIDO, HOLANDA<\/strong>, <strong>GUERNSEY <\/strong>se pretende participar nesta peregrina\u00e7\u00e3o dever\u00e1 se dirigir ao cart\u00f3rio das Par\u00f3quias e reservar a sua viagem com\u00a0 o Pe. Ant\u00f3nio Paulo. O valor total da viagem \u00e9 de 1.262,00\u20ac (cabine interior) e 1.362,00\u20ac (cabine exterior).<\/p>\n<p style=\"text-align: justify;\" align=\"center\"><strong>1<\/strong><strong>\u00a0<\/strong>\u2192 <strong>Grupo Legi\u00e3o de Maria &#8211;<\/strong> ter\u00e7as-feiras \u00e0s 18h00 (Carvalhal e Canhas) e quartas-feiras \u00e0s 18h00 (Cristo Rei).<\/p>\n<p style=\"text-align: justify;\"><strong>2<\/strong> \u2192 <strong>Grupo Jesus de Miseric\u00f3rdia &#8211; <\/strong>sextas-feiras \u00e0s 18h00 (Canhas) e aos domingos \u00e0s 15h00 (Carvalhal).<\/p>\n<p style=\"text-align: justify;\"><strong>3 <\/strong>\u2192 <strong>Movimento Carism\u00e1tico &#8211;<\/strong>\u00a0segundas-feiras \u00e0s 20h00 (Canhas).<strong><em> <\/em><\/strong><\/p>\n<p style=\"text-align: justify;\"><strong>4 <\/strong>\u2192<em> <\/em><strong><em>Dia 12 de Maio<\/em><em><strong>\u00a0&#8211;<\/strong> Festa do 4\u00ba ano de Catequese <\/em><\/strong><em>na Par\u00f3quia do Cristo Rei.<\/em><\/p>\n<p style=\"text-align: justify;\"><strong>5<\/strong> \u2192<em> <\/em><em><strong>Dias 12 e 13 de Maio\u00a0<\/strong> \u2013<\/em><strong><em> Festa de N\u00aa Sra. de F\u00e1tima <\/em><\/strong><em>na Par\u00f3quia do Carvalhal<\/em><\/p>\n<p style=\"text-align: justify;\"><strong>6 <\/strong>\u2192<em> <\/em><strong><em>Dia 12 de Maio \u2013<\/em><em> Festa do 4\u00ba ano de Catequese <\/em><\/strong><em>na Par\u00f3quia do Cristo Rei.<\/em><\/p>\n<p style=\"text-align: justify;\"><strong>7 <\/strong>\u2192<strong><em> Dia 13 de Maio \u2013 Visita do Esp\u00edrito Santo pelo s\u00edtio do Vale e Cova do Pico <\/em><\/strong><em>na Par\u00f3quia dos Canhas<\/em><strong><em> e pelo s\u00edtio do Lombo de S\u00e3o Jo\u00e3o para Baixo <\/em><\/strong><em>na Par\u00f3quia do Cristo Rei<\/em><\/p>\n<p style=\"text-align: justify;\"><strong>8 <\/strong>\u2192<strong><em> Dia 15 de Maio\u00a0 \u2013 19h30 \u00a0&#8211; Reuni\u00e3o da Confraria do Sant\u00edssimo Sacramento <\/em><\/strong><em>na Par\u00f3quia do Cristo Rei<\/em><\/p>\n<p style=\"text-align: justify;\"><strong><em>Dia 16 de Maio\u00a0 \u2013 19h30 &#8211; Reuni\u00e3o da Confraria do Sant\u00edssimo Sacramento <\/em><\/strong><em>na Par\u00f3quia do Carvalhal<\/em><\/p>\n<p style=\"text-align: justify;\"><strong><em>\u00a0Dia 17 de Maio\u00a0 \u2013 19h30 &#8211; Reuni\u00e3o da Confraria do Sant\u00edssimo Sacramento <\/em><\/strong><em>na Par\u00f3quia dos Canhas<\/em><\/p>\n<p style=\"text-align: justify;\"><strong>9 <\/strong>\u2192 <strong><em>Dia 19 de Maio \u2013 Festa do 5\u00ba ano de Catequese <\/em><\/strong><em>na Par\u00f3quia do Cristo Rei<\/em><\/p>\n<p style=\"text-align: justify;\"><strong>10 <\/strong>\u2192<strong><em> Dia 20 de Maio\u00a0 \u2013 Visita do Esp\u00edrito Santo pelo s\u00edtio do Serrado, Cova e Poiso <\/em><\/strong><em>na Par\u00f3quia dos Canhas<\/em><strong><em>;\u00a0 pelo s\u00edtio do Socorro, Faj\u00e3 e Eiras e Barreiro e Feiteiras <\/em><\/strong><em>na Par\u00f3quia do<\/em><em> <\/em><em>Carvalhal<\/em><strong><em> e pelo s\u00edtio do Lombo de S\u00e3o Jo\u00e3o para Cima <\/em><\/strong><em>na Par\u00f3quia do Cristo Rei.<\/em><\/p>\n<p style=\"text-align: justify;\"><strong>11 <\/strong>\u2192<strong><em> Dia 22 de Maio\u00a0 \u2013 19h30 Reuni\u00e3o da Confraria de N\u00aa Sra. do Monte <\/em><\/strong><em>na Par\u00f3quia do Cristo Rei<\/em><\/p>\n<p style=\"text-align: justify;\"><strong><em>Dia 23 de Maio\u00a0 \u2013 19h30 Reuni\u00e3o da Confraria de N\u00aa Sra. de F\u00e1tima <\/em><\/strong><em>na Par\u00f3quia do Carvalhal<\/em><strong><em>\u00a0\u00a0\u00a0<\/em><\/strong><\/p>\n<p style=\"text-align: justify;\"><strong><em>Dia 24 de Maio\u00a0 \u2013 19h30 Reuni\u00e3o da Confraria de N\u00aa Sra. da Piedade <\/em><\/strong><em>na Par\u00f3quia dos Canhas<\/em><\/p>\n<p style=\"text-align: justify;\"><strong>12<\/strong> \u2192<strong><em> Dias 26 e 27 de Maio\u00a0 \u2013 Festa do Esp\u00edrito Santo <\/em><\/strong><em>na Par\u00f3quia dos Canhas.<\/em><\/p>\n<p style=\"text-align: justify;\"><strong>13 <\/strong>\u2192<strong><em> Dia 27 de Maio\u00a0 \u2013 Festa da PROFISS\u00c3O DE F\u00c9 das crian\u00e7as que frequentam o 6\u00ba ano de Catequese <\/em><\/strong><em>na Par\u00f3quia do Carvalhal.<\/em><\/p>\n<p style=\"text-align: justify;\"><strong>14 <\/strong>\u2192<strong><em> Dia 27 de Maio\u00a0 \u2013 Festa da PRIMEIRA COMUNH\u00c3O das crian\u00e7as que frequentam o 3\u00ba ano de Catequese <\/em><\/strong><em>na Par\u00f3quia do Cristo Rei<\/em><\/p>\n<p style=\"text-align: justify;\"><strong>15 <\/strong>\u2192<strong><em> Dia 27 de Maio\u00a0 \u2013 Visita do Esp\u00edrito Santo pelo s\u00edtio dos Sal\u00f5es Este (2) <\/em><\/strong><em>na Par\u00f3quia do Carvalhal<\/em><\/p>\n<p style=\"text-align: justify;\"><strong>16<\/strong> \u2192 <strong>M\u00eas de Maio \u2013 M\u00eas de Maria<\/strong> \u2013 <strong>Reza do Ter\u00e7o nas\u00a0tr\u00eas Par\u00f3quias (de 2\u00aa-feira a s\u00e1bado) \u00e0s 19h30 e aos domingos \u00e0s 20h00.<em><\/em><\/strong><\/p>\n<p style=\"text-align: justify;\"><strong>17<\/strong> \u2192 De <strong>20 a<\/strong><strong> 28 de Julho haver\u00e1 uma peregrina\u00e7\u00e3o a Sevilha, Malaga, Val\u00eancia, Roma, Livorno e Ajaccio.<\/strong> Se pretende participar nesta peregrina\u00e7\u00e3o dever\u00e1 dirigir-se ao cart\u00f3rio das Par\u00f3quias e reservar a sua viagem com\u00a0 o Pe. Ant\u00f3nio Paulo. O valor total da viagem \u00e9 de 1.530,00\u20ac.<\/p>\n","protected":false},"excerpt":{"rendered":"<p>Preparar o novo Ano Pastoral 2012\/2013 Ap\u00f3s o Conselho Pastoral ter reunido na passada semana, \u00e9 bom que haja continuidade nas equipas, mas com alguma renova\u00e7\u00e3o, para n\u00e3o serem sempre os mesmos irm\u00e3os. Alguns grupos e movimentos podem tamb\u00e9m aproveitar &hellip; <a href=\"http:\/\/www.paroquiadoscanhas.pt\/?page_id=1174\">Continue reading <span class=\"meta-nav\">&rarr;<\/span><\/a><\/p>\n","protected":false},"author":1,"featured_media":0,"parent":0,"menu_order":0,"comment_status":"closed","ping_status":"open","template":"","meta":{"footnotes":""},"class_list":["post-1174","page","type-page","status-publish","hentry"],"_links":{"self":[{"href":"http:\/\/www.paroquiadoscanhas.pt\/index.php?rest_route=\/wp\/v2\/pages\/1174","targetHints":{"allow":["GET"]}}],"collection":[{"href":"http:\/\/www.paroquiadoscanhas.pt\/index.php?rest_route=\/wp\/v2\/pages"}],"about":[{"href":"http:\/\/www.paroquiadoscanhas.pt\/index.php?rest_route=\/wp\/v2\/types\/page"}],"author":[{"embeddable":true,"href":"http:\/\/www.paroquiadoscanhas.pt\/index.php?rest_route=\/wp\/v2\/users\/1"}],"replies":[{"embeddable":true,"href":"http:\/\/www.paroquiadoscanhas.pt\/index.php?rest_route=%2Fwp%2Fv2%2Fcomments&post=1174"}],"version-history":[{"count":16,"href":"http:\/\/www.paroquiadoscanhas.pt\/index.php?rest_route=\/wp\/v2\/pages\/1174\/revisions"}],"predecessor-version":[{"id":1176,"href":"http:\/\/www.paroquiadoscanhas.pt\/index.php?rest_route=\/wp\/v2\/pages\/1174\/revisions\/1176"}],"wp:attachment":[{"href":"http:\/\/www.paroquiadoscanhas.pt\/index.php?rest_route=%2Fwp%2Fv2%2Fmedia&parent=1174"}],"curies":[{"name":"wp","href":"https:\/\/api.w.org\/{rel}","templated":true}]}}