{"id":1073,"date":"2012-05-03T21:42:51","date_gmt":"2012-05-03T21:42:51","guid":{"rendered":"http:\/\/176.9.29.233\/~paroqui3\/?page_id=1073"},"modified":"2012-05-07T20:51:54","modified_gmt":"2012-05-07T20:51:54","slug":"exposicao-do-santissimo-sacramento","status":"publish","type":"page","link":"http:\/\/www.paroquiadoscanhas.pt\/?page_id=1073","title":{"rendered":"Exposi\u00e7\u00e3o do Sant\u00edssimo Sacramento"},"content":{"rendered":"<p><strong>Igreja Paroquial dos Canhas<\/strong><\/p>\n<p><strong>Todas as Quintas-Feiras<\/strong><\/p>\n<p>18h30 &#8211; Exposi\u00e7\u00e3o do Sant\u00edssimo Sacramento<\/p>\n<p>19h &#8211; Celebra\u00e7\u00e3o da Eucaristia<\/p>\n<p>19h30 &#8211; Recita\u00e7\u00e3o do Ter\u00e7o\u00a0\u00a0\u00a0\u00a0\u00a0\u00a0\u00a0\u00a0\u00a0\u00a0\u00a0\u00a0\u00a0\u00a0\u00a0\u00a0\u00a0\u00a0<\/p>\n<p><strong>Igreja Paroquial do Carvalhal<\/strong><\/p>\n<p><strong>Todas as Quartas-Feiras<\/strong><\/p>\n<p>18h30 &#8211; Exposi\u00e7\u00e3o do Sant\u00edssimo Sacramento<\/p>\n<p>19h &#8211; Celebra\u00e7\u00e3o da Eucaristia<\/p>\n<p>\u00a019h30 &#8211; Recita\u00e7\u00e3o do Ter\u00e7o<\/p>\n<p><strong>Igreja Paroquial do Cristo Rei<\/strong><\/p>\n<p><strong>Todas as Ter\u00e7as-Feiras<\/strong><\/p>\n<p>18h30 &#8211; Exposi\u00e7\u00e3o do Sant\u00edssimo Sacramento<\/p>\n<p>19h &#8211; Celebra\u00e7\u00e3o da Eucaristia<\/p>\n<p>\u00a019h30 &#8211; Recita\u00e7\u00e3o do Ter\u00e7o<\/p>\n<p><strong>Invoca\u00e7\u00f5es e louvores para a exposi\u00e7\u00e3o do Sant\u00edssimo Sacramento<\/strong><\/p>\n<p><strong>Iniciais\u00a0\u00a0\u00a0\u00a0\u00a0\u00a0\u00a0\u00a0\u00a0\u00a0\u00a0\u00a0\u00a0\u00a0\u00a0\u00a0\u00a0\u00a0\u00a0\u00a0\u00a0\u00a0\u00a0\u00a0\u00a0\u00a0\u00a0\u00a0\u00a0\u00a0\u00a0\u00a0\u00a0\u00a0\u00a0\u00a0\u00a0\u00a0\u00a0\u00a0\u00a0\u00a0\u00a0\u00a0\u00a0 <a href=\"http:\/\/paroquiadoscanhas.pt\/wp-content\/uploads\/2012\/05\/10.jpg\"><img loading=\"lazy\" decoding=\"async\" class=\"alignright size-full wp-image-1081\" title=\"10\" src=\"http:\/\/paroquiadoscanhas.pt\/wp-content\/uploads\/2012\/05\/10.jpg\" alt=\"\" width=\"320\" height=\"240\" srcset=\"http:\/\/www.paroquiadoscanhas.pt\/wp-content\/uploads\/2012\/05\/10.jpg 320w, http:\/\/www.paroquiadoscanhas.pt\/wp-content\/uploads\/2012\/05\/10-300x225.jpg 300w\" sizes=\"auto, (max-width: 320px) 100vw, 320px\" \/><\/a><\/strong><\/p>\n<p>Bendito e louvado seja<br \/>\nBendito e louvado seja o Sant\u00edssimo Sacramento da Eucaristia,<br \/>\nFruto do ventre Sagrado da Virgem Pur\u00edssima Santa Maria.<br \/>\n<strong><br \/>\nGra\u00e7as e louvores<\/strong><br \/>\nGra\u00e7as e louvores se d\u00eaem a todo o momento,<br \/>\nao Sant\u00edssimo e Divin\u00edssimo Sacramento.<br \/>\n<strong><br \/>\nMeu Deus eu creio<\/strong><br \/>\nMeu Deus eu creio, adoro, espero e amo-Vos.<br \/>\nPe\u00e7o-Vos perd\u00e3o para os que n\u00e3o cr\u00eaem, n\u00e3o adoram, n\u00e3o esperam e n\u00e3o Vos amam.<br \/>\n<strong><br \/>\nSant\u00edssima Trindade<\/strong><br \/>\nSant\u00edssima Trindade, Pai, Filho e Esp\u00edrito Santo, adoro-Vos profundamente e ofere\u00e7o-Vos o precios\u00edssimo Corpo, Sangue, Alma e Divindade de Jesus Cristo, presente em todos os sacr\u00e1rios da Terra, em repara\u00e7\u00e3o dos ultrajes, sacril\u00e9gios e indiferen\u00e7as com que Ele mesmo \u00e9 ofendido. E pelos m\u00e9ritos infinitos do Seu Sant\u00edssimo Cora\u00e7\u00e3o e do Cora\u00e7\u00e3o Imaculado de Maria, pe\u00e7o-Vos a convers\u00e3o dos pobres pecadores.<\/p>\n<h3>Hino para a adora\u00e7\u00e3o do Sant\u00edssimo Sacramento<\/h3>\n<p><strong>Celebremos o M\u00edst\u00e9rio<\/strong><\/p>\n<p>Celebremos o Mist\u00e9rio<br \/>\nda Divina Eucaristia<br \/>\nCorpo e Sangue de Jesus:<br \/>\nO Mist\u00e9rio de Deus vivo,<br \/>\nT\u00e3o real no Seu altar<br \/>\ncomo outrora sobre a cruz.<\/p>\n<p>Vindo \u00e0 Terra, que O chamava,<br \/>\nCristo foi a salva\u00e7\u00e3o<br \/>\nE a alegria do Seu povo.<br \/>\nFoi Profeta, foi Palavra<br \/>\nE Palavra que, pregada,<br \/>\nFez do mundo um mundo novo.<\/p>\n<p>Foi na Noite Derradeira<br \/>\nQue, na Ceia com os Doze,<br \/>\nCora\u00e7\u00e3o a cora\u00e7\u00e3o,<br \/>\nSe deu todo e para sempre<br \/>\nM\u00e3os em b\u00ean\u00e7\u00e3o sobre a Mesa<br \/>\nDa Primeira Comunh\u00e3o.<\/p>\n<p>Assim, Deus, que Se fez Homem,<br \/>\nTudo fez em plenitude<br \/>\nde humildade e de pobreza.<br \/>\nE o milagre continua:<br \/>\nOnde falham os sentidos,<br \/>\nChega a esperan\u00e7a de quem reza.<\/p>\n<p><strong><br \/>\nVeneremos, adoremos <\/strong><br \/>\nVeneremos, adoremos<br \/>\nA presen\u00e7a do Senhor,<br \/>\nNossa Luz e P\u00e3o da Vida,<br \/>\nCante a alma o seu louvor.<br \/>\nAdoremos no sacr\u00e1rio<br \/>\nDeus oculto por amor.<\/p>\n<p>Demos gl\u00f3ria ao Pai do C\u00e9u,<br \/>\nInfinita Majestade,<br \/>\nGl\u00f3ria ao Filho e ao Santo Esp\u00edrito,<br \/>\nEm Esp\u00edrito e Verdade<br \/>\nVeneremos, adoremos<br \/>\nA Sant\u00edssima Trindade. Amen.<br \/>\nInvoca\u00e7\u00f5es Finais<\/p>\n<p><strong><br \/>\nBendito seja Deus<\/strong><br \/>\nBendito seja Deus.<br \/>\nBendito o seu Santo Nome.<br \/>\nBendito Jesus Cristo, verdadeiro Deus e verdadeiro Homem.<br \/>\nBendito o Nome de Jesus.<br \/>\nBendito o seu Sacrat\u00edssimo Cora\u00e7\u00e3o.<br \/>\nBendito o seu Precios\u00edssimo Sangue.<br \/>\nBendito Jesus no Sant\u00edssimo Sacramento do Altar.<br \/>\nBendito o Esp\u00edrito Santo Par\u00e1clito.<br \/>\nBendita a Excelsa M\u00e3e de Deus, Maria Sant\u00edssima.<br \/>\nBendita a sua Santa e Imaculada Concei\u00e7\u00e3o.<br \/>\nBendita a sua Gloriosa Assun\u00e7\u00e3o.<br \/>\nBendito o Nome de Maria, Virgem e M\u00e3e.<br \/>\nBendito S\u00e3o Jos\u00e9, seu Cast\u00edssimo Esposo.<br \/>\nBendito Deus nos seus Anjos e nos seus Santos<\/p>\n","protected":false},"excerpt":{"rendered":"<p>Igreja Paroquial dos Canhas Todas as Quintas-Feiras 18h30 &#8211; Exposi\u00e7\u00e3o do Sant\u00edssimo Sacramento 19h &#8211; Celebra\u00e7\u00e3o da Eucaristia 19h30 &#8211; Recita\u00e7\u00e3o do Ter\u00e7o\u00a0\u00a0\u00a0\u00a0\u00a0\u00a0\u00a0\u00a0\u00a0\u00a0\u00a0\u00a0\u00a0\u00a0\u00a0\u00a0\u00a0\u00a0 Igreja Paroquial do Carvalhal Todas as Quartas-Feiras 18h30 &#8211; Exposi\u00e7\u00e3o do Sant\u00edssimo Sacramento 19h &#8211; Celebra\u00e7\u00e3o da &hellip; <a href=\"http:\/\/www.paroquiadoscanhas.pt\/?page_id=1073\">Continue reading <span class=\"meta-nav\">&rarr;<\/span><\/a><\/p>\n","protected":false},"author":1,"featured_media":0,"parent":0,"menu_order":0,"comment_status":"closed","ping_status":"closed","template":"","meta":{"footnotes":""},"class_list":["post-1073","page","type-page","status-publish","hentry"],"_links":{"self":[{"href":"http:\/\/www.paroquiadoscanhas.pt\/index.php?rest_route=\/wp\/v2\/pages\/1073","targetHints":{"allow":["GET"]}}],"collection":[{"href":"http:\/\/www.paroquiadoscanhas.pt\/index.php?rest_route=\/wp\/v2\/pages"}],"about":[{"href":"http:\/\/www.paroquiadoscanhas.pt\/index.php?rest_route=\/wp\/v2\/types\/page"}],"author":[{"embeddable":true,"href":"http:\/\/www.paroquiadoscanhas.pt\/index.php?rest_route=\/wp\/v2\/users\/1"}],"replies":[{"embeddable":true,"href":"http:\/\/www.paroquiadoscanhas.pt\/index.php?rest_route=%2Fwp%2Fv2%2Fcomments&post=1073"}],"version-history":[{"count":21,"href":"http:\/\/www.paroquiadoscanhas.pt\/index.php?rest_route=\/wp\/v2\/pages\/1073\/revisions"}],"predecessor-version":[{"id":1241,"href":"http:\/\/www.paroquiadoscanhas.pt\/index.php?rest_route=\/wp\/v2\/pages\/1073\/revisions\/1241"}],"wp:attachment":[{"href":"http:\/\/www.paroquiadoscanhas.pt\/index.php?rest_route=%2Fwp%2Fv2%2Fmedia&parent=1073"}],"curies":[{"name":"wp","href":"https:\/\/api.w.org\/{rel}","templated":true}]}}